{"id":39396,"date":"2018-10-23T14:17:42","date_gmt":"2018-10-23T18:17:42","guid":{"rendered":"https:\/\/naturecanada.ictinus.net\/?page_id=39396"},"modified":"2026-07-30T10:28:50","modified_gmt":"2026-07-30T14:28:50","slug":"nature-canadas-board-of-directors","status":"publish","type":"page","link":"https:\/\/naturecanada.ca\/fr\/your-voice-for-nature\/our-people\/nature-canadas-board-of-directors\/","title":{"rendered":"Conseil d\u2019administration de Nature Canada"},"content":{"rendered":"<div class=\"wpb-content-wrapper\"><p>[vc_row][vc_column][vc_column_text css=&#8221;&#8221;]<\/p>\n<h2>SONIA THEROUX \u2013 pr\u00e9sidente<\/h2>\n<p>Sonia Theroux pilote des initiatives qui soutiennent les services sociaux et les organisations en transition afin d\u2019accro\u00eetre leur port\u00e9e, et leur offre des services-conseils. Elle a, en offrant du d\u00e9veloppement strat\u00e9gique, de la formation, des ressources et du renforcement d\u2019\u00e9quipes, aid\u00e9 des organisations \u00e0 concevoir, financer et mener \u00e0 bien des projets tels que le d\u00e9veloppement et la mise en \u0153uvre de processus d\u2019embauche \u00e9quitables, les campagnes \u00e0 la direction nationales et provinciales et la gestion coordonn\u00e9e des relations gouvernementales.<\/p>\n<p>L\u2019ex-directrice g\u00e9n\u00e9rale de Leadnow met \u00e0 profit son exp\u00e9rience \u00e0 titre de dirigeante d\u2019organisme sans but lucratif, de b\u00e2tisseuse communautaire, de collectrice de fonds et de strat\u00e8ge de campagne, en faveur du d\u00e9veloppement des liens et du leadership.<\/p>\n<p>Elle s\u2019implique b\u00e9n\u00e9volement dans une initiative de sa r\u00e9gion visant \u00e0 lutter contre l\u2019itin\u00e9rance et met \u00e0 contribution son expertise dans des campagnes ax\u00e9es sur des questions de justice, dont le climat et l\u2019\u00e9quit\u00e9.<\/p>\n<h2>LOGAN MCINTOSH \u2013 vice-pr\u00e9sidente<\/h2>\n<p>Fervente strat\u00e8ge, militante et organisatrice dans les mouvements pour l\u2019environnement, la d\u00e9mocratie et l\u2019\u00e9quit\u00e9 \u00e9conomique, Logan Mcintosh s\u2019est sp\u00e9cialis\u00e9e dans le dialogue d\u00e9lib\u00e9ratif, l\u2019organisation \u00e0 grande \u00e9chelle et les campagnes num\u00e9riques. Elle est la directrice de campagne de Leadnow, o\u00f9 elle se r\u00e9jouit tout particuli\u00e8rement de travailler \u00e0 la jonction entre les outils num\u00e9riques et l\u2019organisation humaine afin d\u2019insuffler des changements durables. En cinq ans avec Leadnow.ca, elle a dirig\u00e9 des campagnes novatrices alliant efficacit\u00e9 politique et mobilisation des membres, tout en d\u00e9veloppant le programme de financement communautaire et la base de membres.<\/p>\n<h2>David Coffey \u2013 tr\u00e9sorier<\/h2>\n<p>David Coffey s\u2019appuie sur ses 35 ans d\u2019exp\u00e9rience en direction des ventes et des op\u00e9rations de logiciels et services, de pratiques et d\u2019\u00e9quipes conseils en gestion, et de projets de transformation complexes. Il apporte une excellente feuille de route et une expertise dans la promotion de l\u2019innovation et l\u2019acc\u00e9l\u00e9ration du rendement au sein d\u2019entreprises mondiales.<\/p>\n<p>M. Coffey a occup\u00e9 des postes sup\u00e9rieurs \u00e0 PwC, SAP, Infor et Kinaxis. Aujourd\u2019hui, il offre du service-conseil aux entreprises \u00e9mergentes au sujet de la transformation op\u00e9rationnelle, de la gouvernance et des objectifs de croissance.<\/p>\n<p>Titulaire d\u2019un dipl\u00f4me en \u00e9tudes environnementales de l\u2019Universit\u00e9 de Waterloo et d\u2019un MBA de l\u2019Universit\u00e9 d\u2019Ottawa, M. Coffey a gard\u00e9 un lien avec l\u2019\u00c9cole de gestion Telfer de l\u2019Universit\u00e9 d\u2019Ottawa o\u00f9 il offre de l\u2019encadrement et du mentorat \u00e0 la prochaine g\u00e9n\u00e9ration de chefs d\u2019entreprise du Canada.<\/p>\n<p>\u00c0 titre b\u00e9n\u00e9vole, M. Coffey a pr\u00e9sid\u00e9 la Fondation de sant\u00e9 mentale Royal Ottawa, un organisme phare dans le domaine de la promotion de la sant\u00e9 mentale et des soins en sant\u00e9 mentale au Canada. Sa grande r\u00e9alisation, qui a \u00e9t\u00e9 rendue possible gr\u00e2ce aux nombreux contributeurs et contributrices, est l\u2019ouverture d\u2019un \u00e9tablissement de sant\u00e9 mentale en 2006.<\/p>\n<p>La famille occupe une place toute particuli\u00e8re dans le c\u0153ur de M. Coffey. Dans ses temps libres, il s\u2019adonne \u00e0 des sports de plein air et des activit\u00e9s en milieu sauvage, en plus de redonner \u00e0 sa communaut\u00e9, surtout sur le plan de la conservation de la nature et de la promotion de la sant\u00e9 mentale.<\/p>\n<h2>WILLIAM DAVID \u2013 administrateur<\/h2>\n<p>M. David a plus de 20 ans d\u2019exp\u00e9rience dans les questions relatives \u00e0 l\u2019environnement et aux droits de la personne des peuples autochtones \u00e0 l\u2019\u00e9chelon international, national et communautaire. Il est actuellement conseiller juridique \u00e0 Inuit Tapiriit Kanatami et a par le pass\u00e9 occup\u00e9 des postes juridiques, de conseil et de direction ayant pour but de faire progresser les droits des peuples autochtones gr\u00e2ce \u00e0 l\u2019\u00e9ducation, aux litiges strat\u00e9giques et aux plaidoyers budg\u00e9taires et internationaux. Son expertise l\u2019a conduit \u00e0 occuper des postes de premier plan dans le fa\u00e7onnement de la l\u00e9gislation canadienne et la formation de la jeunesse \u00e0 l\u2019Universit\u00e9 d\u2019Ottawa.<\/p>\n<h2>Renata Woodward \u2013 administratrice<\/h2>\n<p>Ancienne pr\u00e9sidente-directrice g\u00e9n\u00e9rale de la Fondation pour la protection des sites naturels du Nouveau-Brunswick, Renata Woodward agit actuellement \u00e0 titre de consultante aupr\u00e8s d\u2019organismes caritatifs sur des th\u00e9matiques touchant \u00e0 l\u2019organisation, la mise en valeur du potentiel, la collecte de fonds, la conservation de la nature et l\u2019\u00e9laboration de politiques. Leader progressiste, elle est une d\u00e9cideuse avis\u00e9e, une visionnaire, en plus d\u2019\u00eatre une communicatrice redoutable et une gestionnaire dot\u00e9e d\u2019un bon discernement capable de tirer le meilleur d\u2019une \u00e9quipe passionn\u00e9e et diversifi\u00e9e. Son expertise prenant racine dans la conservation de la biodiversit\u00e9, des terres et des oc\u00e9ans, Mme Woodward poursuit aujourd\u2019hui sa mission visant \u00e0 promouvoir la protection de l\u2019environnement au Canada. Les questions de r\u00e9conciliation avec les Autochtones et de mobilisation de ces derniers, de justice sociale et d\u2019investissement \u00e9thique lui tiennent \u00e0 c\u0153ur. Dot\u00e9e d\u2019un talent naturel pour f\u00e9d\u00e9rer les gens, elle souhaite mobiliser les esprits autour d\u2019actions \u00ab vertes \u00bb et respectueuses du climat afin d\u2019\u00e9viter une vie hostile aux g\u00e9n\u00e9rations futures. Elle a \u00e9tudi\u00e9 en gestion des ressources naturelles, soins infirmiers, et commerce et d\u00e9veloppement international. Ses \u00e9tudes et son travail l\u2019ont amen\u00e9e \u00e0 vivre en Colombie-Britannique, \u00e0 Terre-Neuve-et-Labrador, au Nouveau-Brunswick, en Ontario et au Qu\u00e9bec. Dans ses temps libres, elle cultive son int\u00e9r\u00eat pour l\u2019agriculture biologique, ch\u00e9rit le temps pass\u00e9 avec sa famille et ses amis et s\u2019\u00e9vade autant qu\u2019elle le peut dans la nature.<\/p>\n<h2>Aviva Patel \u2013 administratrice<\/h2>\n<p>Aviva Patel est directrice de la Credit Valley Conservation, un organisme financ\u00e9 par la municipalit\u00e9 responsable de la gestion du bassin versant de la Credit River en Ontario. Au cours des 17 derni\u00e8res ann\u00e9es, elle a dirig\u00e9 plusieurs programmes, y compris la surveillance \u00e9cologique de longue dur\u00e9e, l\u2019\u00e9valuation de zones naturelles et le d\u00e9veloppement de syst\u00e8mes d\u2019aires prot\u00e9g\u00e9es. S\u2019appuyant sur une approche scientifique rigoureuse et ses comp\u00e9tences communicationnelles et de gestion, elle travaille avec une \u00e9quipe de 50 membres \u00e0 d\u00e9velopper et diffuser des connaissances scientifiques de pointe sur les bassins versants afin d\u2019assurer une gestion et une planification efficaces de l\u2019utilisation des terres.<\/p>\n<p>Mme Patel a \u00e9galement occup\u00e9 le poste de directrice de recherche \u00e0 l\u2019Universit\u00e9 de Toronto, coordonnant plusieurs projets de recherche \u00e0 un laboratoire de biologie de la conservation, et a \u00e9t\u00e9 membre du conseil d\u2019administration du Sierra Club du Canada pendant cinq ans. Titulaire d\u2019un baccalaur\u00e9at (avec mention) en biologie de l\u2019Universit\u00e9 Stanford, en Californie, et d\u2019un doctorat en \u00e9cologie de l\u2019Universit\u00e9 de Miami, en Floride, elle est \u00e9cologiste principale certifi\u00e9e \u00e0 la Ecological Society of America. Dans ses temps libres, elle s\u2019adonne \u00e0 la randonn\u00e9e, aux voyages, \u00e0 la lecture et \u00e0 la cuisine.<\/p>\n<h2>Lillian Trapper \u2013 administratrice<\/h2>\n<p>Lillian Trapper est une m\u00e8re, une grand-m\u00e8re et une jaban qui vit dans deux mondes. Le premier est un petit village et l\u2019autre, le territoire ancestral de sa famille au lac Kattawagami. Elle est la descendante d\u2019une longue lign\u00e9e de chasseurs et de trappeurs hors pair, qui ont transmis leur savoir cri \u00e0 sa famille. N\u00e9e dans une tente en plein hiver de janvier sur une ligne de trappage, Mme Trapper s\u2019est toujours sentie \u00e0 sa place en for\u00eat, dans la nature. Elle a entrepris un cheminement de gu\u00e9rison il y a 18 ans et appr\u00e9cie les vertus de la for\u00eat pour gu\u00e9rir les s\u00e9quelles du pensionnat. La communion avec la nature et la participation \u00e0 des c\u00e9r\u00e9monies lui permettent de nourrir son lien spirituel avec le Cr\u00e9ateur. Pour elle, toutes les occasions sont bonnes pour aller \u00e0 son campement familial avec sa famille. Elle a beaucoup \u00e0 c\u0153ur la pr\u00e9servation, la conservation et la gestion de l\u2019activit\u00e9 humaine dans l\u2019environnement naturel. Mme Trapper a personnellement v\u00e9cu les cons\u00e9quences de l\u2019exploitation des ressources sur le mode de vie traditionnel des Cris. Titulaire d\u2019une ma\u00eetrise en environnement et gestion de l\u2019Universit\u00e9 Royal Roads, Mme Trapper a travaill\u00e9 plus de 22 ans pour sa communaut\u00e9 et les communaut\u00e9s autochtones au niveau provincial et national \u00e0 titre de directrice, gestionnaire, coordonnatrice et analyste politique. Elle a si\u00e9g\u00e9 \u00e0 de nombreux comit\u00e9s relevant des services \u00e0 l\u2019enfance et \u00e0 la famille, des transports et du milieu universitaire.<\/p>\n<h2>Liette Vasseur \u2013 administratrice<\/h2>\n<p>Liette Vasseur est professeure titulaire au d\u00e9partement de sciences biologiques de l\u2019Universit\u00e9 Brock. Elle est membre du Environmental Sustainability Research Centre et chercheuse associ\u00e9e au Cool Climate Oenology and Viticulture Institute. Depuis 2014, elle est titulaire de la chaire de l\u2019UNESCO \u00ab Community Sustainability: From Local to Global \u00bb. Son programme de recherche interdisciplinaire fait le lien entre divers domaines comme l\u2019agriculture durable, l\u2019adaptation et la r\u00e9silience aux changements climatiques, la gestion communautaire des \u00e9cosyst\u00e8mes et la gouvernance des \u00e9cosyst\u00e8mes. Ses recherches ont cours au Canada, en Chine, en \u00c9quateur et en Afrique. Au Canada, ses projets majeurs portent sur l\u2019agriculture durable et l\u2019adaptation aux changements climatiques dans les localit\u00e9s rurales et costales, et la conservation dans la biosph\u00e8re du Niagara, une initiative cog\u00e9r\u00e9e par des Autochtones et des allochtones. Elle est vice-pr\u00e9sidente de la Commission sur la gestion des \u00e9cosyst\u00e8mes de l\u2019Union internationale pour la Conservation de la Nature (en plus d\u2019avoir codirig\u00e9 le groupe Changements climatiques et biodiversit\u00e9 : politiques et pratiques), co-r\u00e9dactrice en chef de la revue Botany de Canadian Science Publishing, membre du conseil d\u2019administration de Nature Canada et ex-pr\u00e9sidente de la Commission canadienne pour l\u2019UNESCO.<\/p>\n<h2>Jamie Simpson \u2013 administrateur<\/h2>\n<p>Jamie Simpson est un avocat et un forestier mordu de nature. Il a fond\u00e9 le Juniper Law &amp; Consulting, un petit cabinet d\u2019avocats et d\u2019experts-conseils en environnement bas\u00e9 pr\u00e8s d\u2019Halifax, en Nouvelle-\u00c9cosse. Adepte d\u2019\u00e9criture, M. Simpson a publi\u00e9 trois livres chez Nimbus Press : Restoring the Acadian Forest; Journeys through Eastern Old-growth Forests; et Eating Wild in Eastern Canada.<\/p>\n<p>En parall\u00e8le de sa pratique de conseil et de droit, M. Simpson enseigne l\u2019introduction au droit et \u00e0 la politique de l\u2019environnement \u00e0 l\u2019Universit\u00e9 Dalhousie. Il est reconnaissant que son travail en environnement ait \u00e9t\u00e9 r\u00e9compens\u00e9; il a notamment \u00e9t\u00e9 d\u00e9cor\u00e9 du prix Elizabeth May et du prix Edward C. Foley et a re\u00e7u la plus haute distinction en droit de l\u2019environnement \u00e0 l\u2019Universit\u00e9 Dalhousie.<\/p>\n<p>Dans ses temps libres, M. Simpson s\u2019adonne \u00e0 l\u2019escalade, joue de la guitare et du violon, en plus de pratiquer la voile le long des littoraux \u00e9poustouflants de la Nouvelle-\u00c9cosse. M. Simpson vit \u00e0 Musquodoboit Harbour, en Nouvelle-\u00c9cosse, avec sa femme et son fils (ainsi que quatre poules).<\/p>\n<h2>Aranya Iyer \u2013 Directrice<\/h2>\n<p>Aranya Iyer s\u2019est orient\u00e9e vers les sciences parce qu\u2019elle adore les oiseaux. Elle est titulaire d\u2019une ma\u00eetrise en sciences dans laquelle elle a \u00e9tudi\u00e9 la mani\u00e8re dont les oiseaux utilisent le champ magn\u00e9tique terrestre pour traverser le Sahara. Elle compte plus de quatre ans d\u2019exp\u00e9rience dans le secteur sans but lucratif, notamment en recherche scientifique au WWF-Canada. Elle est cofondatrice de FREED, une initiative communautaire visant \u00e0 am\u00e9liorer l\u2019acc\u00e8s aux stages sur le terrain pour les \u00e9tudiants de premier cycle autochtones, noirs et\/ou issus de minorit\u00e9s ethniques de l\u2019Ontario. Elle a particip\u00e9 \u00e0 une cha\u00eene YouTube (Animalogic) o\u00f9 elle partageait sa passion pour les oiseaux avec plus de 2 millions d\u2019abonn\u00e9s. Dans le cadre de ses fonctions actuelles au sein de la Whitefeather Forest Initiative, Aranya codirige le programme de formation de l\u2019organisation destin\u00e9 aux jeunes de Pikangikum, notamment en mati\u00e8re de gestion des feux. Elle est actuellement foresti\u00e8re en formation, d\u00e9tient une licence de pilote de drone et vit \u00e0 Thunder Bay.<\/p>\n<h2>Peter Noteboom \u2013 Directeur<\/h2>\n<p>Peter Noteboom sait que le pouvoir de changement provient de sources spirituelles. Depuis 25 ans, Peter soutient et anime des initiatives d\u2019apprentissage, d\u2019organisation et de sensibilisation en faveur de l\u2019\u00e9cojustice, de la justice sociale, des droits de la personne et de la consolidation de la paix, en collaboration avec les communaut\u00e9s religieuses du Canada.<\/p>\n<p>En tant que secr\u00e9taire g\u00e9n\u00e9ral du Conseil canadien des \u00c9glises \u2013 sans doute le mouvement d\u2019action sociale le plus vaste et l\u2019un des plus anciens au Canada \u2013, il ma\u00eetrise parfaitement l\u2019\u00e9tablissement de consensus, la gouvernance, la planification strat\u00e9gique et l\u2019\u00e9laboration de visions capables de mener des efforts de changement \u00e0 long terme, ainsi que les aspects pratiques permettant de d\u00e9passer les normes les plus \u00e9lev\u00e9es en mati\u00e8re de gouvernance des organismes de bienfaisance, de gestion des ressources financi\u00e8res et humaines, de collecte de fonds et de mobilisation des b\u00e9n\u00e9voles. Il copr\u00e9side le Dialogue interconfessionnel canadien, qui rassemble des communaut\u00e9s religieuses, confessionnelles et spirituelles de partout au Canada afin de promouvoir l\u2019harmonie au service du bien commun et d\u2019une citoyennet\u00e9 engag\u00e9e. \u00c0 l\u2019\u00e9chelle mondiale, il si\u00e8ge \u00e0 la Commission des affaires internationales du Conseil \u0153cum\u00e9nique des \u00c9glises.<\/p>\n<p>En tant que propri\u00e9taire et directeur de Global Learning Partners, Inc. \u2014 une entreprise sociale vou\u00e9e \u00e0 l\u2019apprentissage en profondeur qui favorise notre bien-\u00eatre collectif \u2014, il compte 25 ans d\u2019exp\u00e9rience \u00e0 accompagner des ONG et des communaut\u00e9s \u00e0 travers le monde pour concevoir et mener \u00e0 bien le changement qu\u2019elles souhaitent.<\/p>\n<p>La nature \u00e9tant pour lui le guide et le mentor par excellence, il passe tout le temps libre dont il dispose dans la nature, que ce soit en lisant ses auteurs pr\u00e9f\u00e9r\u00e9s, en s\u2019occupant de son jardin, ou en faisant du camping et de la randonn\u00e9e avec sa famille et ses amis.[\/vc_column_text][\/vc_column][\/vc_row]<\/p>\n<\/div>","protected":false},"excerpt":{"rendered":"<p>Nature Canada est administr\u00e9e par un conseil d\u2019administration b\u00e9n\u00e9vole qui, \u00e0 la lumi\u00e8re des diverses provinces, r\u00e9gions, origines et domaines d\u2019expertise qu\u2019il repr\u00e9sente, guide l\u2019organisme. Le conseil d\u2019administration soumet les r\u00e9solutions politiques \u00e0 un vote d\u00e9mocratique des membres de Nature Canada lors des assembl\u00e9es g\u00e9n\u00e9rales annuelles.<\/p>\n","protected":false},"author":133,"featured_media":42052,"parent":39392,"menu_order":1,"comment_status":"closed","ping_status":"closed","template":"","meta":{"_acf_changed":false,"footnotes":""},"class_list":["post-39396","page","type-page","status-publish","has-post-thumbnail","hentry"],"acf":[],"yoast_head":"<!-- This site is optimized with the Yoast SEO plugin v27.0 - https:\/\/yoast.com\/product\/yoast-seo-wordpress\/ -->\n<title>Conseil d\u2019administration de Nature Canada - Nature Canada<\/title>\n<meta name=\"description\" content=\"Nature Canada est administr\u00e9e par un conseil d\u2019administration b\u00e9n\u00e9vole qui, \u00e0 la lumi\u00e8re des diverses provinces, r\u00e9gions, origines et domaines d\u2019expertise qu\u2019il repr\u00e9sente, guide l\u2019organisme. Le conseil d\u2019administration soumet les r\u00e9solutions politiques \u00e0 un vote d\u00e9mocratique des membres de Nature Canada lors des assembl\u00e9es g\u00e9n\u00e9rales annuelles.\" \/>\n<meta name=\"robots\" content=\"index, follow, max-snippet:-1, max-image-preview:large, max-video-preview:-1\" \/>\n<link rel=\"canonical\" href=\"https:\/\/naturecanada.ca\/fr\/your-voice-for-nature\/our-people\/nature-canadas-board-of-directors\/\" \/>\n<meta property=\"og:locale\" content=\"fr_FR\" \/>\n<meta property=\"og:type\" content=\"article\" \/>\n<meta property=\"og:title\" content=\"Conseil d\u2019administration de Nature Canada - Nature Canada\" \/>\n<meta property=\"og:description\" content=\"Nature Canada est administr\u00e9e par un conseil d\u2019administration b\u00e9n\u00e9vole qui, \u00e0 la lumi\u00e8re des diverses provinces, r\u00e9gions, origines et domaines d\u2019expertise qu\u2019il repr\u00e9sente, guide l\u2019organisme. Le conseil d\u2019administration soumet les r\u00e9solutions politiques \u00e0 un vote d\u00e9mocratique des membres de Nature Canada lors des assembl\u00e9es g\u00e9n\u00e9rales annuelles.\" \/>\n<meta property=\"og:url\" content=\"https:\/\/naturecanada.ca\/fr\/your-voice-for-nature\/our-people\/nature-canadas-board-of-directors\/\" \/>\n<meta property=\"og:site_name\" content=\"Nature Canada\" \/>\n<meta property=\"article:publisher\" content=\"https:\/\/www.facebook.com\/NatureCanada\/\" \/>\n<meta property=\"article:modified_time\" content=\"2026-07-30T14:28:50+00:00\" \/>\n<meta property=\"og:image\" content=\"https:\/\/naturecanada.ca\/wp-content\/uploads\/2018\/10\/Northern-gannett_shutterstock_514655.jpg\" \/>\n\t<meta property=\"og:image:width\" content=\"2733\" \/>\n\t<meta property=\"og:image:height\" content=\"1827\" \/>\n\t<meta property=\"og:image:type\" content=\"image\/jpeg\" \/>\n<meta name=\"twitter:card\" content=\"summary_large_image\" \/>\n<meta name=\"twitter:site\" content=\"@NatureCanada\" \/>\n<meta name=\"twitter:label1\" content=\"Est. reading time\" \/>\n\t<meta name=\"twitter:data1\" content=\"8 minutes\" \/>\n<script type=\"application\/ld+json\" class=\"yoast-schema-graph\">{\"@context\":\"https:\/\/schema.org\",\"@graph\":[{\"@type\":\"WebPage\",\"@id\":\"https:\/\/naturecanada.ca\/fr\/your-voice-for-nature\/our-people\/nature-canadas-board-of-directors\/\",\"url\":\"https:\/\/naturecanada.ca\/fr\/your-voice-for-nature\/our-people\/nature-canadas-board-of-directors\/\",\"name\":\"Conseil d\u2019administration de Nature Canada - Nature Canada\",\"isPartOf\":{\"@id\":\"https:\/\/naturecanada.ca\/fr\/#website\"},\"primaryImageOfPage\":{\"@id\":\"https:\/\/naturecanada.ca\/fr\/your-voice-for-nature\/our-people\/nature-canadas-board-of-directors\/#primaryimage\"},\"image\":{\"@id\":\"https:\/\/naturecanada.ca\/fr\/your-voice-for-nature\/our-people\/nature-canadas-board-of-directors\/#primaryimage\"},\"thumbnailUrl\":\"https:\/\/naturecanada.ca\/wp-content\/uploads\/2018\/10\/Northern-gannett_shutterstock_514655.jpg\",\"datePublished\":\"2018-10-23T18:17:42+00:00\",\"dateModified\":\"2026-07-30T14:28:50+00:00\",\"description\":\"Nature Canada est administr\u00e9e par un conseil d\u2019administration b\u00e9n\u00e9vole qui, \u00e0 la lumi\u00e8re des diverses provinces, r\u00e9gions, origines et domaines d\u2019expertise qu\u2019il repr\u00e9sente, guide l\u2019organisme. Le conseil d\u2019administration soumet les r\u00e9solutions politiques \u00e0 un vote d\u00e9mocratique des membres de Nature Canada lors des assembl\u00e9es g\u00e9n\u00e9rales annuelles.\",\"breadcrumb\":{\"@id\":\"https:\/\/naturecanada.ca\/fr\/your-voice-for-nature\/our-people\/nature-canadas-board-of-directors\/#breadcrumb\"},\"inLanguage\":\"fr-FR\",\"potentialAction\":[{\"@type\":\"ReadAction\",\"target\":[\"https:\/\/naturecanada.ca\/fr\/your-voice-for-nature\/our-people\/nature-canadas-board-of-directors\/\"]}]},{\"@type\":\"ImageObject\",\"inLanguage\":\"fr-FR\",\"@id\":\"https:\/\/naturecanada.ca\/fr\/your-voice-for-nature\/our-people\/nature-canadas-board-of-directors\/#primaryimage\",\"url\":\"https:\/\/naturecanada.ca\/wp-content\/uploads\/2018\/10\/Northern-gannett_shutterstock_514655.jpg\",\"contentUrl\":\"https:\/\/naturecanada.ca\/wp-content\/uploads\/2018\/10\/Northern-gannett_shutterstock_514655.jpg\",\"width\":2733,\"height\":1827},{\"@type\":\"BreadcrumbList\",\"@id\":\"https:\/\/naturecanada.ca\/fr\/your-voice-for-nature\/our-people\/nature-canadas-board-of-directors\/#breadcrumb\",\"itemListElement\":[{\"@type\":\"ListItem\",\"position\":1,\"name\":\"Home\",\"item\":\"https:\/\/naturecanada.ca\/fr\/\"},{\"@type\":\"ListItem\",\"position\":2,\"name\":\"\u00c0 propos de nous\",\"item\":\"https:\/\/naturecanada.ca\/fr\/your-voice-for-nature\/\"},{\"@type\":\"ListItem\",\"position\":3,\"name\":\"Notre \u00c9quipe\",\"item\":\"https:\/\/naturecanada.ca\/fr\/your-voice-for-nature\/our-people\/\"},{\"@type\":\"ListItem\",\"position\":4,\"name\":\"Conseil d\u2019administration de Nature Canada\"}]},{\"@type\":\"WebSite\",\"@id\":\"https:\/\/naturecanada.ca\/fr\/#website\",\"url\":\"https:\/\/naturecanada.ca\/fr\/\",\"name\":\"Nature Canada\",\"description\":\"Your voice for nature!\",\"potentialAction\":[{\"@type\":\"SearchAction\",\"target\":{\"@type\":\"EntryPoint\",\"urlTemplate\":\"https:\/\/naturecanada.ca\/fr\/?s={search_term_string}\"},\"query-input\":{\"@type\":\"PropertyValueSpecification\",\"valueRequired\":true,\"valueName\":\"search_term_string\"}}],\"inLanguage\":\"fr-FR\"}]}<\/script>\n<!-- \/ Yoast SEO plugin. -->","yoast_head_json":{"title":"Conseil d\u2019administration de Nature Canada - Nature Canada","description":"Nature Canada est administr\u00e9e par un conseil d\u2019administration b\u00e9n\u00e9vole qui, \u00e0 la lumi\u00e8re des diverses provinces, r\u00e9gions, origines et domaines d\u2019expertise qu\u2019il repr\u00e9sente, guide l\u2019organisme. Le conseil d\u2019administration soumet les r\u00e9solutions politiques \u00e0 un vote d\u00e9mocratique des membres de Nature Canada lors des assembl\u00e9es g\u00e9n\u00e9rales annuelles.","robots":{"index":"index","follow":"follow","max-snippet":"max-snippet:-1","max-image-preview":"max-image-preview:large","max-video-preview":"max-video-preview:-1"},"canonical":"https:\/\/naturecanada.ca\/fr\/your-voice-for-nature\/our-people\/nature-canadas-board-of-directors\/","og_locale":"fr_FR","og_type":"article","og_title":"Conseil d\u2019administration de Nature Canada - Nature Canada","og_description":"Nature Canada est administr\u00e9e par un conseil d\u2019administration b\u00e9n\u00e9vole qui, \u00e0 la lumi\u00e8re des diverses provinces, r\u00e9gions, origines et domaines d\u2019expertise qu\u2019il repr\u00e9sente, guide l\u2019organisme. Le conseil d\u2019administration soumet les r\u00e9solutions politiques \u00e0 un vote d\u00e9mocratique des membres de Nature Canada lors des assembl\u00e9es g\u00e9n\u00e9rales annuelles.","og_url":"https:\/\/naturecanada.ca\/fr\/your-voice-for-nature\/our-people\/nature-canadas-board-of-directors\/","og_site_name":"Nature Canada","article_publisher":"https:\/\/www.facebook.com\/NatureCanada\/","article_modified_time":"2026-07-30T14:28:50+00:00","og_image":[{"width":2733,"height":1827,"url":"https:\/\/naturecanada.ca\/wp-content\/uploads\/2018\/10\/Northern-gannett_shutterstock_514655.jpg","type":"image\/jpeg"}],"twitter_card":"summary_large_image","twitter_site":"@NatureCanada","twitter_misc":{"Est. reading time":"8 minutes"},"schema":{"@context":"https:\/\/schema.org","@graph":[{"@type":"WebPage","@id":"https:\/\/naturecanada.ca\/fr\/your-voice-for-nature\/our-people\/nature-canadas-board-of-directors\/","url":"https:\/\/naturecanada.ca\/fr\/your-voice-for-nature\/our-people\/nature-canadas-board-of-directors\/","name":"Conseil d\u2019administration de Nature Canada - Nature Canada","isPartOf":{"@id":"https:\/\/naturecanada.ca\/fr\/#website"},"primaryImageOfPage":{"@id":"https:\/\/naturecanada.ca\/fr\/your-voice-for-nature\/our-people\/nature-canadas-board-of-directors\/#primaryimage"},"image":{"@id":"https:\/\/naturecanada.ca\/fr\/your-voice-for-nature\/our-people\/nature-canadas-board-of-directors\/#primaryimage"},"thumbnailUrl":"https:\/\/naturecanada.ca\/wp-content\/uploads\/2018\/10\/Northern-gannett_shutterstock_514655.jpg","datePublished":"2018-10-23T18:17:42+00:00","dateModified":"2026-07-30T14:28:50+00:00","description":"Nature Canada est administr\u00e9e par un conseil d\u2019administration b\u00e9n\u00e9vole qui, \u00e0 la lumi\u00e8re des diverses provinces, r\u00e9gions, origines et domaines d\u2019expertise qu\u2019il repr\u00e9sente, guide l\u2019organisme. Le conseil d\u2019administration soumet les r\u00e9solutions politiques \u00e0 un vote d\u00e9mocratique des membres de Nature Canada lors des assembl\u00e9es g\u00e9n\u00e9rales annuelles.","breadcrumb":{"@id":"https:\/\/naturecanada.ca\/fr\/your-voice-for-nature\/our-people\/nature-canadas-board-of-directors\/#breadcrumb"},"inLanguage":"fr-FR","potentialAction":[{"@type":"ReadAction","target":["https:\/\/naturecanada.ca\/fr\/your-voice-for-nature\/our-people\/nature-canadas-board-of-directors\/"]}]},{"@type":"ImageObject","inLanguage":"fr-FR","@id":"https:\/\/naturecanada.ca\/fr\/your-voice-for-nature\/our-people\/nature-canadas-board-of-directors\/#primaryimage","url":"https:\/\/naturecanada.ca\/wp-content\/uploads\/2018\/10\/Northern-gannett_shutterstock_514655.jpg","contentUrl":"https:\/\/naturecanada.ca\/wp-content\/uploads\/2018\/10\/Northern-gannett_shutterstock_514655.jpg","width":2733,"height":1827},{"@type":"BreadcrumbList","@id":"https:\/\/naturecanada.ca\/fr\/your-voice-for-nature\/our-people\/nature-canadas-board-of-directors\/#breadcrumb","itemListElement":[{"@type":"ListItem","position":1,"name":"Home","item":"https:\/\/naturecanada.ca\/fr\/"},{"@type":"ListItem","position":2,"name":"\u00c0 propos de nous","item":"https:\/\/naturecanada.ca\/fr\/your-voice-for-nature\/"},{"@type":"ListItem","position":3,"name":"Notre \u00c9quipe","item":"https:\/\/naturecanada.ca\/fr\/your-voice-for-nature\/our-people\/"},{"@type":"ListItem","position":4,"name":"Conseil d\u2019administration de Nature Canada"}]},{"@type":"WebSite","@id":"https:\/\/naturecanada.ca\/fr\/#website","url":"https:\/\/naturecanada.ca\/fr\/","name":"Nature Canada","description":"Your voice for nature!","potentialAction":[{"@type":"SearchAction","target":{"@type":"EntryPoint","urlTemplate":"https:\/\/naturecanada.ca\/fr\/?s={search_term_string}"},"query-input":{"@type":"PropertyValueSpecification","valueRequired":true,"valueName":"search_term_string"}}],"inLanguage":"fr-FR"}]}},"_links":{"self":[{"href":"https:\/\/naturecanada.ca\/fr\/wp-json\/wp\/v2\/pages\/39396","targetHints":{"allow":["GET"]}}],"collection":[{"href":"https:\/\/naturecanada.ca\/fr\/wp-json\/wp\/v2\/pages"}],"about":[{"href":"https:\/\/naturecanada.ca\/fr\/wp-json\/wp\/v2\/types\/page"}],"author":[{"embeddable":true,"href":"https:\/\/naturecanada.ca\/fr\/wp-json\/wp\/v2\/users\/133"}],"replies":[{"embeddable":true,"href":"https:\/\/naturecanada.ca\/fr\/wp-json\/wp\/v2\/comments?post=39396"}],"version-history":[{"count":4,"href":"https:\/\/naturecanada.ca\/fr\/wp-json\/wp\/v2\/pages\/39396\/revisions"}],"predecessor-version":[{"id":82574,"href":"https:\/\/naturecanada.ca\/fr\/wp-json\/wp\/v2\/pages\/39396\/revisions\/82574"}],"up":[{"embeddable":true,"href":"https:\/\/naturecanada.ca\/fr\/wp-json\/wp\/v2\/pages\/39392"}],"wp:featuredmedia":[{"embeddable":true,"href":"https:\/\/naturecanada.ca\/fr\/wp-json\/wp\/v2\/media\/42052"}],"wp:attachment":[{"href":"https:\/\/naturecanada.ca\/fr\/wp-json\/wp\/v2\/media?parent=39396"}],"curies":[{"name":"wp","href":"https:\/\/api.w.org\/{rel}","templated":true}]}}